{"id":1169,"date":"2015-12-01T10:00:46","date_gmt":"2015-12-01T08:00:46","guid":{"rendered":"http:\/\/www.linie7.com\/linie7_cms\/?page_id=1169"},"modified":"2026-02-16T11:38:07","modified_gmt":"2026-02-16T09:38:07","slug":"preise-ab-dezember","status":"publish","type":"page","link":"https:\/\/www.linie7.com\/linie7_cms\/preise-ab-dezember\/","title":{"rendered":"Preisliste"},"content":{"rendered":"\n<p>Wir akzeptieren Barzahlung, EC- und Kreditkartenzahlung, au\u00dferdem die Bremer Freikarte. <\/p>\n\n\n\n<div class=\"wp-block-columns alignfull is-layout-flex wp-container-74 wp-block-columns-is-layout-flex\">\n<div class=\"wp-block-column has-black-color has-text-color has-background is-layout-flow wp-block-column-is-layout-flow\" style=\"background-color:#90bed2\">\n<p class=\"has-text-align-center has-larger-font-size\"><strong>Tagestickets<\/strong><\/p>\n\n\n\n<p class=\"has-text-align-center\"> Kommen und f\u00fcr den Tag bezahlen &#8211; beliebige Aufenthaltsdauer innerhalb unserer \u00d6ffnungszeiten. <\/p>\n\n\n\n<div class=\"wp-block-columns is-layout-flex wp-container-3 wp-block-columns-is-layout-flex\">\n<div class=\"wp-block-column is-layout-flow wp-block-column-is-layout-flow\" style=\"flex-basis:33.33%\">\n<p class=\"has-text-align-left\"><strong>Tagesticket Erwachsene<\/strong><\/p>\n<\/div>\n\n\n\n<div class=\"wp-block-column is-layout-flow wp-block-column-is-layout-flow\" style=\"flex-basis:66.66%\">\n<p>12 \u20ac<\/p>\n<\/div>\n<\/div>\n\n\n\n<div class=\"wp-block-columns is-layout-flex wp-container-6 wp-block-columns-is-layout-flex\">\n<div class=\"wp-block-column is-layout-flow wp-block-column-is-layout-flow\" style=\"flex-basis:33.33%\">\n<p class=\"has-text-align-left\"><strong>Tagesticket Erm\u00e4\u00dfigt<\/strong><\/p>\n<\/div>\n\n\n\n<div class=\"wp-block-column is-layout-flow wp-block-column-is-layout-flow\" style=\"flex-basis:66.66%\">\n<p>9 \u20ac<\/p>\n\n\n\n<p>Erm\u00e4\u00dfigung gilt f\u00fcr Sch\u00fcler, Studenten, Rentner, Menschen mit Behinderung, Menschen mit BW-Dienstausweis, Azubis, FSJler, Arbeitslose. Kinder unter 14 Jahren m\u00fcssen in st\u00e4ndiger Begleitung und Aufsicht einer vollj\u00e4hrigen Person sein. Jugendliche zwischen 14 und 18 Jahren d\u00fcrfen alleine kommen und bouldern, ben\u00f6tigen aber eine schriftliche Einverst\u00e4ndniserkl\u00e4rung, welche unter &#8222;Formulare&#8220; zu finden ist. <\/p>\n<\/div>\n<\/div>\n\n\n\n<div class=\"wp-block-columns is-layout-flex wp-container-9 wp-block-columns-is-layout-flex\">\n<div class=\"wp-block-column is-layout-flow wp-block-column-is-layout-flow\" style=\"flex-basis:33.33%\">\n<p class=\"has-text-align-left\"><strong>Eintritt<\/strong> <strong>Firmenfitness<\/strong><\/p>\n<\/div>\n\n\n\n<div class=\"wp-block-column is-layout-flow wp-block-column-is-layout-flow\" style=\"flex-basis:66.66%\">\n<p>0 \u20ac<\/p>\n\n\n\n<p>Mit E-Gym Wellpass (Qualitrain), Hansefit, Urban Sports Club oder Wellhub (ehem. Gympass) zahlst du bei uns f\u00fcr den Eintritt nichts extra.<\/p>\n<\/div>\n<\/div>\n\n\n\n<div class=\"wp-block-columns is-layout-flex wp-container-12 wp-block-columns-is-layout-flex\">\n<div class=\"wp-block-column is-layout-flow wp-block-column-is-layout-flow\" style=\"flex-basis:33.33%\">\n<p class=\"has-text-align-left\"><strong>Tagesticket Kind<\/strong><\/p>\n<\/div>\n\n\n\n<div class=\"wp-block-column is-layout-flow wp-block-column-is-layout-flow\" style=\"flex-basis:66.66%\">\n<p>8,50 \u20ac<\/p>\n\n\n\n<p>Kinder ab dem 6. bis zum 12. Geburtstag. Kinder m\u00fcssen in st\u00e4ndiger Begleitung und Aufsicht einer vollj\u00e4hrigen Person sein. <\/p>\n<\/div>\n<\/div>\n\n\n\n<div class=\"wp-block-columns is-layout-flex wp-container-15 wp-block-columns-is-layout-flex\">\n<div class=\"wp-block-column is-layout-flow wp-block-column-is-layout-flow\" style=\"flex-basis:33.33%\">\n<p class=\"has-text-align-left\"><strong>Tagesticket Kleinkind<\/strong><\/p>\n<\/div>\n\n\n\n<div class=\"wp-block-column is-layout-flow wp-block-column-is-layout-flow\" style=\"flex-basis:66.66%\">\n<p>0 \u20ac<\/p>\n\n\n\n<p>Kinder bis zum 6. Geburtstag erhalten freien Eintritt bei einer zahlenden vollj\u00e4hrigen Begleitperson. Maximal ein Kind mit freiem Eintritt pro zahlender Person.<\/p>\n<\/div>\n<\/div>\n\n\n\n<div class=\"wp-block-columns is-layout-flex wp-container-18 wp-block-columns-is-layout-flex\">\n<div class=\"wp-block-column is-layout-flow wp-block-column-is-layout-flow\" style=\"flex-basis:33.33%\">\n<p class=\"has-text-align-left\"><strong>Familienticket I<\/strong><\/p>\n<\/div>\n\n\n\n<div class=\"wp-block-column is-layout-flow wp-block-column-is-layout-flow\" style=\"flex-basis:66.66%\">\n<p>28 \u20ac<\/p>\n\n\n\n<p>2 Erwachsene &amp; 1 Kind bis 12 Jahre.<\/p>\n<\/div>\n<\/div>\n\n\n\n<div class=\"wp-block-columns is-layout-flex wp-container-21 wp-block-columns-is-layout-flex\">\n<div class=\"wp-block-column is-layout-flow wp-block-column-is-layout-flow\" style=\"flex-basis:33.33%\">\n<p class=\"has-text-align-left\"><strong>Familienticket II<\/strong><\/p>\n<\/div>\n\n\n\n<div class=\"wp-block-column is-layout-flow wp-block-column-is-layout-flow\" style=\"flex-basis:66.66%\">\n<p>18,50 \u20ac<\/p>\n\n\n\n<p>1 Erwachsener &amp; 1 Kind bis 12 Jahre.<\/p>\n<\/div>\n<\/div>\n\n\n\n<p class=\"has-text-align-center has-larger-font-size\"><strong>Verleihmaterial<\/strong><\/p>\n\n\n\n<div class=\"wp-block-columns is-layout-flex wp-container-24 wp-block-columns-is-layout-flex\">\n<div class=\"wp-block-column is-layout-flow wp-block-column-is-layout-flow\" style=\"flex-basis:33.33%\">\n<p class=\"has-text-align-left\"><strong>Leihschuhe<\/strong><\/p>\n<\/div>\n\n\n\n<div class=\"wp-block-column is-layout-flow wp-block-column-is-layout-flow\" style=\"flex-basis:66.66%\">\n<p>4 \u20ac<\/p>\n\n\n\n<p>Wenn du keine eigenen Boulderschuhe hast, kannst du dir f\u00fcr 4 \u20ac Leihschuhe bei uns holen. Unsere Schuhe werden nach dem Tragen desinfiziert. Wir haben Schuhe in den Gr\u00f6\u00dfen 27 bis 50! Alternativ kannst du auch eigene saubere Hallenturnschuhe mitbringen! Oder du kaufst dir Schuhe in unserem Shop &#8211; mit Linie 7 Abo gibt es 15% Rabatt!<\/p>\n<\/div>\n<\/div>\n\n\n\n<div class=\"wp-block-columns is-layout-flex wp-container-27 wp-block-columns-is-layout-flex\">\n<div class=\"wp-block-column is-layout-flow wp-block-column-is-layout-flow\" style=\"flex-basis:33.33%\">\n<p class=\"has-text-align-left\"><strong>Leihchalkbag<\/strong><\/p>\n<\/div>\n\n\n\n<div class=\"wp-block-column is-layout-flow wp-block-column-is-layout-flow\" style=\"flex-basis:66.66%\">\n<p>2 \u20ac<\/p>\n<\/div>\n<\/div>\n\n\n\n<div class=\"wp-block-columns is-layout-flex wp-container-30 wp-block-columns-is-layout-flex\">\n<div class=\"wp-block-column is-layout-flow wp-block-column-is-layout-flow\" style=\"flex-basis:33.33%\">\n<p class=\"has-text-align-left\"><strong>Crashpad<\/strong><\/p>\n<\/div>\n\n\n\n<div class=\"wp-block-column is-layout-flow wp-block-column-is-layout-flow\" style=\"flex-basis:66.66%\">\n<p>20,00\u20ac \/ Wochenende <em>oder<\/em> 30,00\u20ac \/ Woche<\/p>\n\n\n\n<p>F\u00fcr deinen Trip nach Font, Magicwood oder einfach unter die Autobahnbr\u00fccke&#8230;<br><em>Hinterlegung einer Kaution i.H.v. 50\u20ac erforderlich.<\/em><\/p>\n\n\n\n<p>Du bist Abo Mitglied bei uns oder hast eine Jahreskarte? Du kannst dir auch ein Crashpad bei uns kaufen und bekommst 15% Rabatt gegen\u00fcber der UVP.<\/p>\n<\/div>\n<\/div>\n\n\n\n<p class=\"has-text-align-center\"> <\/p>\n\n\n\n<p class=\"has-text-align-center has-larger-font-size\"><strong>Dauerkarten<\/strong><\/p>\n\n\n\n<p class=\"has-text-align-center\">Du willst \u00f6fter kommen und sparen? Wir haben folgende Optionen f\u00fcr dich:<\/p>\n\n\n\n<p class=\"has-text-align-center\">(Abos und Jahreskarten bieten einige attraktive Vorteile!)<\/p>\n\n\n\n<div class=\"wp-block-columns is-layout-flex wp-container-33 wp-block-columns-is-layout-flex\">\n<div class=\"wp-block-column is-layout-flow wp-block-column-is-layout-flow\" style=\"flex-basis:33.33%\">\n<p class=\"has-text-align-left\"><strong>11er Ticket Erwachsene<\/strong><\/p>\n<\/div>\n\n\n\n<div class=\"wp-block-column is-layout-flow wp-block-column-is-layout-flow\" style=\"flex-basis:66.66%\">\n<p>120 \u20ac<\/p>\n\n\n\n<p>du zahlst den Preis f\u00fcr 10 x Tageseintritt und bekommst 11 x Eintritt. Das richtige f\u00fcr alle, die \u00f6fter kommen wollen, aber nur unregelm\u00e4\u00dfig&#8230;  11er Tickets sind personengebunden!<\/p>\n<\/div>\n<\/div>\n\n\n\n<div class=\"wp-block-columns is-layout-flex wp-container-36 wp-block-columns-is-layout-flex\">\n<div class=\"wp-block-column is-layout-flow wp-block-column-is-layout-flow\" style=\"flex-basis:33.33%\">\n<p class=\"has-text-align-left\"><strong>11er Ticket Erm\u00e4\u00dfigt<\/strong><\/p>\n<\/div>\n\n\n\n<div class=\"wp-block-column is-layout-flow wp-block-column-is-layout-flow\" style=\"flex-basis:66.66%\">\n<p>90 \u20ac<\/p>\n\n\n\n<p>du zahlst den Preis f\u00fcr 10 x Tageseintritt und bekommst 11 x Eintritt. Das richtige f\u00fcr alle, die \u00f6fter kommen wollen, aber nur unregelm\u00e4\u00dfig&#8230;  11er Tickets sind personengebunden! Erm\u00e4\u00dfigung gilt f\u00fcr Sch\u00fcler, Studenten, Rentner, Menschen mit Behinderung, Azubis, FSJler, Arbeitslose. Du bist nur noch kurze Zeit erm\u00e4\u00dfigt? Kauf dir dein erm\u00e4\u00dfigtes 11er Ticket und brauche es auf, auch wenn deine Erm\u00e4\u00dfigung bereits erloschen ist \ud83d\ude09 <\/p>\n<\/div>\n<\/div>\n\n\n\n<div class=\"wp-block-columns is-layout-flex wp-container-39 wp-block-columns-is-layout-flex\">\n<div class=\"wp-block-column is-layout-flow wp-block-column-is-layout-flow\" style=\"flex-basis:33.33%\">\n<p class=\"has-text-align-left\"><strong>Monatskarte Erwachsener<\/strong><\/p>\n<\/div>\n\n\n\n<div class=\"wp-block-column is-layout-flow wp-block-column-is-layout-flow\" style=\"flex-basis:66.66%\">\n<p>75 \u20ac<\/p>\n\n\n\n<p>4 Wochen ab Kauf g\u00fcltig.<\/p>\n<\/div>\n<\/div>\n\n\n\n<div class=\"wp-block-columns is-layout-flex wp-container-42 wp-block-columns-is-layout-flex\">\n<div class=\"wp-block-column is-layout-flow wp-block-column-is-layout-flow\" style=\"flex-basis:33.33%\">\n<p class=\"has-text-align-left\"><strong>Monatskarte Erm\u00e4\u00dfigt<\/strong><\/p>\n<\/div>\n\n\n\n<div class=\"wp-block-column is-layout-flow wp-block-column-is-layout-flow\" style=\"flex-basis:66.66%\">\n<p>60 \u20ac<\/p>\n\n\n\n<p>4 Wochen ab Kauf g\u00fcltig. Erm\u00e4\u00dfigung gilt f\u00fcr Sch\u00fcler, Studenten, Rentner, Menschen mit Behinderung, Azubis, FSJler, Arbeitslose. <\/p>\n<\/div>\n<\/div>\n\n\n\n<div class=\"wp-block-columns is-layout-flex wp-container-45 wp-block-columns-is-layout-flex\">\n<div class=\"wp-block-column is-layout-flow wp-block-column-is-layout-flow\" style=\"flex-basis:33.33%\">\n<p class=\"has-text-align-left\"><strong>Jahreskarte Erwachsener<\/strong><\/p>\n<\/div>\n\n\n\n<div class=\"wp-block-column is-layout-flow wp-block-column-is-layout-flow\" style=\"flex-basis:66.66%\">\n<p>550 \u20ac<\/p>\n\n\n\n<p>363 Tage Bouldern*, einmal zahlen! Mit deiner Jahreskarte erh\u00e4ltst du folgende attraktive Vorteile: <\/p>\n\n\n\n<ul>\n<li>15% Rabatt auf alle Shop Artikel (von Chalk \u00fcber Schuhe bis hin zu Shirts &#8211; auch nicht lagernde Ware bestellen wir gerne f\u00fcr dich!)<\/li>\n\n\n\n<li>25% auf deinen Tageseintritt im Oldenbloc in Oldenburg<\/li>\n\n\n\n<li>Verg\u00fcnstigte Kurse in der Linie 7 (siehe dort)<\/li>\n<\/ul>\n<\/div>\n<\/div>\n\n\n\n<div class=\"wp-block-columns is-layout-flex wp-container-48 wp-block-columns-is-layout-flex\">\n<div class=\"wp-block-column is-layout-flow wp-block-column-is-layout-flow\" style=\"flex-basis:33.33%\">\n<p class=\"has-text-align-left\"><strong>Jahreskarte Erm\u00e4\u00dfigt<\/strong><\/p>\n<\/div>\n\n\n\n<div class=\"wp-block-column is-layout-flow wp-block-column-is-layout-flow\" style=\"flex-basis:66.66%\">\n<p>460 \u20ac <\/p>\n\n\n\n<p> 363 Tage Bouldern*, einmal zahlen! Mit deiner Jahreskarte erh\u00e4ltst du folgende attraktive Vorteile:  <\/p>\n\n\n\n<ul>\n<li>15% Rabatt auf alle Shop Artikel (von Chalk \u00fcber Schuhe bis hin zu Shirts &#8211; auch nicht lagernde Ware bestellen wir gerne f\u00fcr dich!)<\/li>\n\n\n\n<li>25% auf deinen Tageseintritt im Oldenbloc in Oldenburg<\/li>\n\n\n\n<li>Verg\u00fcnstigte Kurse in der Linie 7 (siehe dort)<\/li>\n<\/ul>\n\n\n\n<p>Erm\u00e4\u00dfigung gilt f\u00fcr Sch\u00fcler, Studenten, Rentner, Menschen mit Behinderung, Azubis, FSJler, Arbeitslose.  <\/p>\n<\/div>\n<\/div>\n\n\n\n<div class=\"wp-block-columns is-layout-flex wp-container-51 wp-block-columns-is-layout-flex\">\n<div class=\"wp-block-column is-layout-flow wp-block-column-is-layout-flow\" style=\"flex-basis:33.33%\">\n<p class=\"has-text-align-left\"><strong>Abo Erwachsener<\/strong><\/p>\n<\/div>\n\n\n\n<div class=\"wp-block-column is-layout-flow wp-block-column-is-layout-flow\" style=\"flex-basis:66.66%\">\n<p>53,99 \u20ac pro Monat**<\/p>\n\n\n\n<p>Monatliche Abbuchung, Mindestlaufzeit 1 Monat, 1 Monat K\u00fcndigungsfrist zum Monatsende. Mit dem Abo erh\u00e4ltst du folgende Vorteile:<\/p>\n\n\n\n<ul>\n<li>15% Rabatt auf alle Shop Artikel (von Chalk \u00fcber Schuhe bis hin zu Shirts &#8211; auch nicht lagernde Ware bestellen wir gerne f\u00fcr dich!)<\/li>\n\n\n\n<li>25% auf deinen Tageseintritt im Oldenbloc in Oldenburg<\/li>\n\n\n\n<li>Verg\u00fcnstigte Kurse in der Linie 7 (siehe dort) <\/li>\n<\/ul>\n<\/div>\n<\/div>\n\n\n\n<div class=\"wp-block-columns is-layout-flex wp-container-54 wp-block-columns-is-layout-flex\">\n<div class=\"wp-block-column is-layout-flow wp-block-column-is-layout-flow\" style=\"flex-basis:33.33%\">\n<p class=\"has-text-align-left\"><strong>Abo Erm\u00e4\u00dfigt<\/strong><\/p>\n<\/div>\n\n\n\n<div class=\"wp-block-column is-layout-flow wp-block-column-is-layout-flow\" style=\"flex-basis:66.66%\">\n<p>43,99 \u20ac pro Monat**<\/p>\n\n\n\n<p> Monatliche Abbuchung, Mindestlaufzeit 1 Monat, 1 Monat K\u00fcndigungsfrist zum Monatsende. Mit dem Abo erh\u00e4ltst du folgende Vorteile: <\/p>\n\n\n\n<ul>\n<li>15% Rabatt auf alle Shop Artikel (von Chalk \u00fcber Schuhe bis hin zu Shirts &#8211; auch nicht lagernde Ware bestellen wir gerne f\u00fcr dich!)<\/li>\n\n\n\n<li>25% auf deinen Tageseintritt im Oldenbloc in Oldenburg<\/li>\n\n\n\n<li>Verg\u00fcnstigte Kurse in der Linie 7 (siehe dort)<\/li>\n<\/ul>\n\n\n\n<p>Erm\u00e4\u00dfigung gilt f\u00fcr Sch\u00fcler, Studenten, Rentner, Menschen mit Behinderung, Azubis, FSJler, Arbeitslose.  <\/p>\n<\/div>\n<\/div>\n\n\n\n<div class=\"wp-block-columns is-layout-flex wp-container-57 wp-block-columns-is-layout-flex\">\n<div class=\"wp-block-column is-layout-flow wp-block-column-is-layout-flow\" style=\"flex-basis:33.33%\">\n<p class=\"has-text-align-left\"><strong>Kinder- oder Jugendgruppe<\/strong><\/p>\n<\/div>\n\n\n\n<div class=\"wp-block-column is-layout-flow wp-block-column-is-layout-flow\" style=\"flex-basis:66.66%\">\n<p>47,50 \u20ac pro Monat**         <em>(Probetraining nach vorheriger Korrespondenz 8\u20ac)<\/em><\/p>\n\n\n\n<p>Anmeldung \/ Wartelisteneintrag per Mail: gruppen@linie7.com<\/p>\n\n\n\n<p>Monatliche Abbuchung, Mindestlaufzeit 1 Monat, 3 Monat K\u00fcndigungsfrist zum Monatsende. Mit dem Kinder- Jugendgruppen erh\u00e4lt dein Kind 1 x pro Woche eine Trainingseinheit an einem festen Termin (Nicht zu Schulferien oder Feiertagen). Au\u00dferdem freien Eintritt auch zu nicht Trainingstagen und folgende Verg\u00fcnstigungen: <\/p>\n\n\n\n<ul>\n<li>15% Rabatt auf alle Shop Artikel (von Chalk \u00fcber Schuhe bis hin zu Shirts &#8211; auch nicht lagernde Ware bestellen wir gerne f\u00fcr dich!)<\/li>\n\n\n\n<li>25% auf deinen Tageseintritt im Oldenbloc in Oldenburg<\/li>\n\n\n\n<li>Verg\u00fcnstigte Kurse in der Linie 7 (siehe dort)<\/li>\n<\/ul>\n<\/div>\n<\/div>\n\n\n\n<p>* wir haben (fast) t\u00e4glich ge\u00f6ffnet. An einigen wenigen Feiertagen (Neujahr und am 1. Weihnachtstag) haben wir geschlossen, Silvester und \u00fcber die Weihnachtsfeiertage haben wir ggf. k\u00fcrzere \u00d6ffnungszeiten, zu Wettkampfvorbereitungen kann die Linie 7 teilweise oder komplett geschlossen sein.<\/p>\n\n\n\n<p>**f\u00fcr R\u00fccklastschriften werden zus\u00e4tzlich Fremdgeb\u00fchren der Bank und 5,- EUR an zus\u00e4tzlichem Verwaltungsaufwand pro R\u00fccklastschrift f\u00e4llig.<\/p>\n\n\n\n<p><\/p>\n\n\n\n<p class=\"has-text-align-center has-larger-font-size\"><strong>Kurse, Geburtstage, Schulausfl\u00fcge<\/strong><\/p>\n\n\n\n<p class=\"has-text-align-center\">Technikkurse, Grundkurse, Besuche mit deiner Schule oder deinem Verein, ein Kindergeburtstag in der Linie&#8230; <\/p>\n\n\n\n<div class=\"wp-block-columns is-layout-flex wp-container-60 wp-block-columns-is-layout-flex\">\n<div class=\"wp-block-column is-layout-flow wp-block-column-is-layout-flow\" style=\"flex-basis:33.33%\">\n<p class=\"has-text-align-right\"><strong>Boulder-Grundkurs<\/strong><\/p>\n\n\n\n<p class=\"has-text-align-right\"><em>Jeden zweiten Mittwoch, 19-20<\/em> <em>Uhr<\/em><\/p>\n<\/div>\n\n\n\n<div class=\"wp-block-column is-layout-flow wp-block-column-is-layout-flow\" style=\"flex-basis:66.66%\">\n<p>Du warst noch nie Bouldern und m\u00f6chtest von unseren erfahrenen Trainer*innen von anfang an alles richtig gezeigt und erkl\u00e4rt bekommen? Buchung und Termin\u00fcbersicht hier: <a href=\"https:\/\/www.linie7.com\/linie7_cms\/einsteigerkurs-bouldern\/\">Klick hier!<\/a><\/p>\n\n\n\n<ul>\n<li>kleine Gruppen bis max. 6 Personen<\/li>\n\n\n\n<li>Geeignet f\u00fcr alle ab 12 Jahren<\/li>\n\n\n\n<li>Anmeldung  <a href=\"https:\/\/www.linie7.com\/linie7_cms\/einsteigerkurs-bouldern\/\">Klick hier!<\/a><\/li>\n\n\n\n<li>Anmeldung bis zum Vortag m\u00f6glich<\/li>\n\n\n\n<li>Eintritt und Schuhe inklusive!<\/li>\n<\/ul>\n\n\n\n<p>15 \u20ac (Normalzahler, Erwachsene)<\/p>\n\n\n\n<p>12 \u20ac (Erm\u00e4\u00dfigt)<\/p>\n\n\n\n<p>10 \u20ac (Abo, Jahreskarte, Wellpass, Hansefit oder USC)<\/p>\n<\/div>\n<\/div>\n\n\n\n<div class=\"wp-block-columns is-layout-flex wp-container-63 wp-block-columns-is-layout-flex\">\n<div class=\"wp-block-column is-layout-flow wp-block-column-is-layout-flow\" style=\"flex-basis:33.33%\">\n<p class=\"has-text-align-right\"><strong>Technikkurs<\/strong><\/p>\n\n\n\n<p class=\"has-text-align-right\"><em>alle zwei Wochen am Mittwoch, 19-21 Uhr<\/em><\/p>\n\n\n\n<p class=\"has-text-align-right\"><\/p>\n<\/div>\n\n\n\n<div class=\"wp-block-column is-layout-flow wp-block-column-is-layout-flow\" style=\"flex-basis:66.66%\">\n<p>Du kommst einfach nicht weiter? Bei anderen sieht es so leicht aus, bei dir klappt&#8217;s nicht? Buchung und Termin\u00fcbersicht hier: <a href=\"https:\/\/www.linie7.com\/linie7_cms\/einsteigerkurs-bouldern\/\">Klick hier!<\/a><\/p>\n\n\n\n<ul>\n<li>kleine Gruppen bis max. 6 Personen<\/li>\n\n\n\n<li>Geeignet f\u00fcr alle ab 12 Jahren<\/li>\n\n\n\n<li>Anmeldung  <a href=\"https:\/\/www.linie7.com\/linie7_cms\/einsteigerkurs-bouldern\/\">Klick hier!<\/a><\/li>\n\n\n\n<li>Anmeldung bis zum Vortag m\u00f6glich<\/li>\n\n\n\n<li>Eintritt und Schuhe inklusive!<\/li>\n<\/ul>\n\n\n\n<p>25 \u20ac (Normalzahler, Erwachsene)<\/p>\n\n\n\n<p>20 \u20ac (Erm\u00e4\u00dfigt)<\/p>\n\n\n\n<p>12 \u20ac (Abo, Jahreskarte)<\/p>\n\n\n\n<p>15 \u20ac (Wellpass, Hansefit, USC) <\/p>\n<\/div>\n<\/div>\n\n\n\n<div class=\"wp-block-columns is-layout-flex wp-container-66 wp-block-columns-is-layout-flex\">\n<div class=\"wp-block-column is-layout-flow wp-block-column-is-layout-flow\" style=\"flex-basis:33.33%\">\n<p class=\"has-text-align-right\"><strong>Schulbesuch<\/strong>, <strong>Verein oder soziale Einrichtung<\/strong><\/p>\n\n\n\n<p class=\"has-text-align-right\"><\/p>\n<\/div>\n\n\n\n<div class=\"wp-block-column is-layout-flow wp-block-column-is-layout-flow\" style=\"flex-basis:66.66%\">\n<p>pro Teilnehmer 11 \u20ac* f\u00fcr ein 2-st\u00fcndiges individuelles Boulderprogramm inkl. einem Trainer von uns. <\/p>\n\n\n\n<p>Ein Trainer von uns \u00fcbernimmt die <em>Anleitung <\/em>von Boulderspielen und -techniken f\u00fcr die gesamte Gruppe.  F\u00fcr die <em>Aufsicht <\/em>m\u00fcssten begleitende vollj\u00e4hrige Personen der Gruppe unseren Trainer unterst\u00fctzen &#8211; unser Trainer kann die Aufsicht f\u00fcr bis zu 12 Personen \u00fcbernehmen. Pro weitere 12 Personen ist jeweils eine Aufsichtsperson der Gruppe erforderlich.<\/p>\n\n\n\n<p>Sind weitere Trainer von uns gew\u00fcnscht,  berechnen wir zus\u00e4tzlich 60\u20ac pro extra Trainer.<\/p>\n\n\n\n<p>Begleitende Aufsichtspersonen zahlen selstverst\u00e4ndlich nichts!<\/p>\n\n\n\n<p>Gruppen mit minderj\u00e4hrigen Teilnehmern vorzugsweise vormittags.<\/p>\n\n\n\n<p>Eigene saubere Hallenturnschuhe m\u00f6glich, ansonsten Leihschuhe f\u00fcr 4\u20ac pro Paar.<\/p>\n\n\n\n<p>Mitnahme von eigener Verpflegung und Getr\u00e4nken ist erlaubt.<\/p>\n\n\n\n<p>Bitte stelle uns per Mail (info@linie7.com) eine Anfrage und schicke gleich folgende Infos mit: Anzahl der Teilnehmer, Alter, Wunschtermin(e).<\/p>\n\n\n\n<p>*wenn eine Lehrerschulung absolviert wurde (LIS), betr\u00e4gt der Preis pro Teilnehmer 10\u20ac &#8211; ein Trainer von Linie 7 Seite ist dann nicht inkludiert. <\/p>\n<\/div>\n<\/div>\n\n\n\n<div class=\"wp-block-columns is-layout-flex wp-container-69 wp-block-columns-is-layout-flex\">\n<div class=\"wp-block-column is-layout-flow wp-block-column-is-layout-flow\" style=\"flex-basis:33.33%\">\n<p class=\"has-text-align-right\"><strong>Kindergeburtstag<\/strong><\/p>\n<\/div>\n\n\n\n<div class=\"wp-block-column is-layout-flow wp-block-column-is-layout-flow\" style=\"flex-basis:66.66%\">\n<p>114 \u20ac f\u00fcr ein 2-st\u00fcndiges Geburtstags-Boulder-Programm f\u00fcr bis zu 6 Kids!<\/p>\n\n\n\n<ul>\n<li>jedes weitere Kind +19\u20ac <\/li>\n\n\n\n<li>Termine <strong>Samstag und Sonntag von 10-12 Uhr<\/strong> m\u00f6glich &#8211; f\u00fcr alle Kids ab 6 Jahren geeignet.<\/li>\n\n\n\n<li>oder <strong>Samstag und Sonntag 12:15-14:15 Uhr<\/strong><\/li>\n\n\n\n<li>Zur Ferienzeit ggf. auch Wochentags individuelle Termine m\u00f6glich.<\/li>\n\n\n\n<li>Mitnahme von eigner Deko und Verpflegung m\u00f6glich<\/li>\n\n\n\n<li>Ihr bekommt einen Tisch, an dem ihr auch nach dem Bouldern noch sitzen und essen k\u00f6nnt. Ihr k\u00f6nnt auch gerne unseren Grill mit Kohle mieten f\u00fcr 20EUR oder die Option Pizza Party, bei der ihr unsere leckeren Pizzen extra g\u00fcnstig bekommt (kein Mindestverzehr). <\/li>\n\n\n\n<li>Die Kids sind in st\u00e4ndiger Aufsicht unserer erfahrenen Trainer<\/li>\n\n\n\n<li>Boulderspiele werden individuell dem K\u00f6nnen und der Lust der Kids angepasst<\/li>\n\n\n\n<li>Bringt Sportklamotten inkl. sauberer Hallenturnschuhe mit<\/li>\n<\/ul>\n\n\n\n<p>Interesse? Am besten buchst du den Geburtstag <a href=\"https:\/\/www.linie7.com\/linie7_cms\/einsteigerkurs-bouldern\/\">hier <\/a> oder aber du schicke eine Anfrage an <a href=\"mailto:meingeburtstag@linie7.com\">meingeburtstag@linie7.com<\/a> und beantworte alle abgefragten Infos in der direkt danach verschickten Antwortmail.<\/p>\n<\/div>\n<\/div>\n\n\n\n<div class=\"wp-block-columns is-layout-flex wp-container-72 wp-block-columns-is-layout-flex\">\n<div class=\"wp-block-column is-layout-flow wp-block-column-is-layout-flow\" style=\"flex-basis:33.33%\">\n<p class=\"has-text-align-right\"><strong>Privater Trainer<\/strong>     <\/p>\n<\/div>\n\n\n\n<div class=\"wp-block-column is-layout-flow wp-block-column-is-layout-flow\" style=\"flex-basis:66.66%\">\n<p>60 \u20ac die Stunde<\/p>\n<\/div>\n<\/div>\n<\/div>\n<\/div>\n\n\n\n<div class=\"wp-block-columns is-layout-flex wp-container-77 wp-block-columns-is-layout-flex\">\n<div class=\"wp-block-column is-layout-flow wp-block-column-is-layout-flow\" style=\"flex-basis:33.33%\">\n<p class=\"has-text-align-left\"><strong>Schuhbesohlung SALTIC<\/strong><\/p>\n<\/div>\n\n\n\n<div class=\"wp-block-column is-layout-flow wp-block-column-is-layout-flow\" style=\"flex-basis:66.66%\">\n<p>35 \u20ac <\/p>\n<\/div>\n<\/div>\n\n\n\n<p><\/p>\n\n\n<p>Alle Angaben und Preise ohne Gew\u00e4hr.<\/p>\n<p><strong>Alle Preise sind unverbindlich!<\/strong><\/p>\n<p><strong>Kontakt:<\/strong><\/p>\n<p>Telefon: 0421\/57730327<\/p>\n<p>Mail: <a href=\"mailto:ichhabnefrage@linie7.com\">info@linie7.com<\/a><\/p>","protected":false},"excerpt":{"rendered":"<p>Wir akzeptieren Barzahlung, EC- und Kreditkartenzahlung, au\u00dferdem die Bremer Freikarte. Tagestickets Kommen und f\u00fcr den Tag bezahlen &#8211; beliebige Aufenthaltsdauer innerhalb unserer \u00d6ffnungszeiten. Tagesticket Erwachsene 12 \u20ac Tagesticket Erm\u00e4\u00dfigt 9 \u20ac Erm\u00e4\u00dfigung gilt f\u00fcr Sch\u00fcler, Studenten, Rentner, Menschen mit Behinderung, Menschen mit BW-Dienstausweis, Azubis, FSJler, Arbeitslose. Kinder unter 14 Jahren m\u00fcssen in st\u00e4ndiger Begleitung und [&hellip;]<\/p>\n","protected":false},"author":2,"featured_media":0,"parent":0,"menu_order":0,"comment_status":"closed","ping_status":"closed","template":"","meta":{"footnotes":""},"_links":{"self":[{"href":"https:\/\/www.linie7.com\/linie7_cms\/wp-json\/wp\/v2\/pages\/1169"}],"collection":[{"href":"https:\/\/www.linie7.com\/linie7_cms\/wp-json\/wp\/v2\/pages"}],"about":[{"href":"https:\/\/www.linie7.com\/linie7_cms\/wp-json\/wp\/v2\/types\/page"}],"author":[{"embeddable":true,"href":"https:\/\/www.linie7.com\/linie7_cms\/wp-json\/wp\/v2\/users\/2"}],"replies":[{"embeddable":true,"href":"https:\/\/www.linie7.com\/linie7_cms\/wp-json\/wp\/v2\/comments?post=1169"}],"version-history":[{"count":74,"href":"https:\/\/www.linie7.com\/linie7_cms\/wp-json\/wp\/v2\/pages\/1169\/revisions"}],"predecessor-version":[{"id":5047,"href":"https:\/\/www.linie7.com\/linie7_cms\/wp-json\/wp\/v2\/pages\/1169\/revisions\/5047"}],"wp:attachment":[{"href":"https:\/\/www.linie7.com\/linie7_cms\/wp-json\/wp\/v2\/media?parent=1169"}],"curies":[{"name":"wp","href":"https:\/\/api.w.org\/{rel}","templated":true}]}}